{"id":1277,"date":"2022-04-02T06:22:48","date_gmt":"2022-04-02T06:22:48","guid":{"rendered":"https:\/\/luxuryvillaalvor.com\/habitaciones\/"},"modified":"2025-06-04T10:41:47","modified_gmt":"2025-06-04T10:41:47","slug":"habitaciones","status":"publish","type":"page","link":"https:\/\/luxuryvillaalvor.com\/es\/habitaciones\/","title":{"rendered":"Habitaciones"},"content":{"rendered":"\n<div class=\"wp-block-uagb-container uagb-block-53fd1b89 alignfull uagb-is-root-container\"><div class=\"uagb-container-inner-blocks-wrap\">\n<div class=\"wp-block-uagb-advanced-heading uagb-block-c06c4d53\"><h1 class=\"uagb-heading-text\">Habitaciones<\/h1><\/div>\n<\/div><\/div>\n\n\n\n<div class=\"wp-block-uagb-container uagb-block-e03cebdb alignfull uagb-is-root-container\">\n<div class=\"wp-block-uagb-image aligncenter uagb-block-b3fa96e5 wp-block-uagb-image--layout-default wp-block-uagb-image--effect-static wp-block-uagb-image--align-center\"><figure class=\"wp-block-uagb-image__figure\"><img decoding=\"async\" srcset=\"https:\/\/luxuryvillaalvor.com\/wp-content\/uploads\/2023\/08\/IMG_6891-1-1024x768.jpg ,https:\/\/luxuryvillaalvor.com\/wp-content\/uploads\/2023\/08\/IMG_6891-1-1024x768.jpg 780w, https:\/\/luxuryvillaalvor.com\/wp-content\/uploads\/2023\/08\/IMG_6891-1-1024x768.jpg 360w\" sizes=\"auto, (max-width: 480px) 150px\" src=\"https:\/\/luxuryvillaalvor.com\/wp-content\/uploads\/2023\/08\/IMG_6891-1-1024x768.jpg\" alt=\"\" class=\"uag-image-927\" width=\"1024\" height=\"768\" title=\"\" loading=\"lazy\" role=\"img\"><\/figure><\/div>\n<\/div>\n\n\n\n<div class=\"wp-block-uagb-container uagb-block-52c714b3 alignfull uagb-is-root-container\">\n<div class=\"wp-block-uagb-advanced-heading uagb-block-9441b9dc\"><h2 class=\"uagb-heading-text\">Instalaciones<\/h2><\/div>\n\n\n\n<div class=\"wp-block-uagb-container uagb-block-95daad2c\">\n<div class=\"wp-block-uagb-image uagb-block-34264d2f wp-block-uagb-image--layout-default wp-block-uagb-image--effect-static wp-block-uagb-image--align-none uag-hide-desktop\"><figure class=\"wp-block-uagb-image__figure\"><img decoding=\"async\" srcset=\"https:\/\/luxuryvillaalvor.com\/wp-content\/uploads\/2023\/08\/IMG_6883-1024x768.jpg , https:\/\/luxuryvillaalvor.com\/wp-content\/uploads\/2023\/08\/IMG_6883-1024x768.jpg 360w\" sizes=\"auto, (max-width: 480px) 150px\" src=\"https:\/\/luxuryvillaalvor.com\/wp-content\/uploads\/2023\/08\/IMG_6883-1024x768.jpg\" alt=\"\" class=\"uag-image-873\" width=\"1024\" height=\"768\" title=\"\" loading=\"lazy\" role=\"img\"><\/figure><\/div>\n\n\n\n<div class=\"wp-block-uagb-container uagb-block-1cc87070\">\n<div class=\"wp-block-uagb-container uagb-block-14df5cbe\">\n<div class=\"wp-block-uagb-advanced-heading uagb-block-aa37c54b\"><h2 class=\"uagb-heading-text\">Sal\u00f3n<\/h2><p class=\"uagb-desc-text\">Perfectamente integrado en una distribuci\u00f3n di\u00e1fana, el sal\u00f3n conecta armoniosamente con el comedor y la cocina. Cuenta con un importante televisor de 85 pulgadas y acceso a Internet de alta velocidad. La presencia de sof\u00e1s de felpa y amplios asientos fomenta un ambiente sereno y cordial, convirtiendo toda la planta baja en un espacio acogedor y apacible.<\/p><\/div>\n<\/div>\n<\/div>\n\n\n\n<div class=\"wp-block-uagb-container uag-hide-mob uagb-block-8839ac58\">\n<div class=\"wp-block-uagb-image uagb-block-96d8e473 wp-block-uagb-image--layout-default wp-block-uagb-image--effect-static wp-block-uagb-image--align-none\"><figure class=\"wp-block-uagb-image__figure\"><img decoding=\"async\" srcset=\"https:\/\/luxuryvillaalvor.com\/wp-content\/uploads\/2023\/08\/IMG_6883-1024x768.jpg , https:\/\/luxuryvillaalvor.com\/wp-content\/uploads\/2023\/08\/IMG_6883-1024x768.jpg 360w\" sizes=\"auto, (max-width: 480px) 150px\" src=\"https:\/\/luxuryvillaalvor.com\/wp-content\/uploads\/2023\/08\/IMG_6883-1024x768.jpg\" alt=\"\" class=\"uag-image-873\" width=\"1024\" height=\"768\" title=\"\" loading=\"lazy\" role=\"img\"><\/figure><\/div>\n<\/div>\n<\/div>\n\n\n\n<div class=\"wp-block-uagb-container uagb-block-110a0c4c\">\n<div class=\"wp-block-uagb-container uagb-block-ca38f14d\">\n<div class=\"wp-block-uagb-image uagb-block-cd0b0689 wp-block-uagb-image--layout-default wp-block-uagb-image--effect-static wp-block-uagb-image--align-none\"><figure class=\"wp-block-uagb-image__figure\"><img decoding=\"async\" srcset=\"https:\/\/luxuryvillaalvor.com\/wp-content\/uploads\/2025\/06\/dining-area.jpg ,https:\/\/luxuryvillaalvor.com\/wp-content\/uploads\/2025\/06\/dining-area.jpg 780w, https:\/\/luxuryvillaalvor.com\/wp-content\/uploads\/2025\/06\/dining-area.jpg 360w\" sizes=\"auto, (max-width: 480px) 150px\" src=\"https:\/\/luxuryvillaalvor.com\/wp-content\/uploads\/2025\/06\/dining-area.jpg\" alt=\"\" class=\"uag-image-1806\" width=\"1024\" height=\"768\" title=\"zona de comedor\" loading=\"lazy\" role=\"img\"><\/figure><\/div>\n<\/div>\n\n\n\n<div class=\"wp-block-uagb-container uagb-block-076ef27c\">\n<div class=\"wp-block-uagb-container uagb-block-c5a47241\">\n<div class=\"wp-block-uagb-advanced-heading uagb-block-eaf92cc3\"><h2 class=\"uagb-heading-text\">Comedor<\/h2><p class=\"uagb-desc-text\">El comedor se integra perfectamente en el dise\u00f1o de planta abierta, conectando sin esfuerzo con la cocina. Con una generosa extensi\u00f3n, este espacio unificado combina la cocina, el comedor y el sal\u00f3n, creando un entorno animado e integrador que se abre a la terraza, la zona de la piscina y los jardines. Adem\u00e1s, dos aseos convenientemente situados y una ducha en la planta baja ofrecen la posibilidad de refrescarse despu\u00e9s de tomar el sol.<\/p><\/div>\n<\/div>\n<\/div>\n<\/div>\n\n\n\n<div class=\"wp-block-uagb-container uagb-block-8cf8c628\">\n<div class=\"wp-block-uagb-image uagb-block-caf9ccbd wp-block-uagb-image--layout-default wp-block-uagb-image--effect-static wp-block-uagb-image--align-none uag-hide-desktop\"><figure class=\"wp-block-uagb-image__figure\"><img decoding=\"async\" srcset=\"https:\/\/luxuryvillaalvor.com\/wp-content\/uploads\/2023\/08\/IMG_6889-1024x768.jpg , https:\/\/luxuryvillaalvor.com\/wp-content\/uploads\/2023\/08\/IMG_6889-1024x768.jpg 360w\" sizes=\"auto, (max-width: 480px) 150px\" src=\"https:\/\/luxuryvillaalvor.com\/wp-content\/uploads\/2023\/08\/IMG_6889-1024x768.jpg\" alt=\"\" class=\"uag-image-875\" width=\"1024\" height=\"768\" title=\"\" loading=\"lazy\" role=\"img\"><\/figure><\/div>\n\n\n\n<div class=\"wp-block-uagb-container uagb-block-54044ca4\">\n<div class=\"wp-block-uagb-container uagb-block-e0ad9188\">\n<div class=\"wp-block-uagb-advanced-heading uagb-block-12105aa2\"><h2 class=\"uagb-heading-text\">Cocina<\/h2><p class=\"uagb-desc-text\">La cocina gourmet es la delicia de un chef, equipada con electrodom\u00e9sticos de gama alta, una isla central y elegantes encimeras de granito. Tanto si prepara un desayuno informal como un fest\u00edn gourmet, este para\u00edso culinario le ofrece todas las herramientas y el espacio que necesita para exhibir sus habilidades culinarias. Junto a la cocina, le espera un elegante comedor, que ofrece un marco perfecto para comidas memorables con familiares y amigos.<\/p><\/div>\n<\/div>\n<\/div>\n\n\n\n<div class=\"wp-block-uagb-container uag-hide-mob uagb-block-951612ad\">\n<div class=\"wp-block-uagb-image uagb-block-7fa4a7d8 wp-block-uagb-image--layout-default wp-block-uagb-image--effect-static wp-block-uagb-image--align-none\"><figure class=\"wp-block-uagb-image__figure\"><img decoding=\"async\" srcset=\"https:\/\/luxuryvillaalvor.com\/wp-content\/uploads\/2023\/08\/IMG_6889-1024x768.jpg , https:\/\/luxuryvillaalvor.com\/wp-content\/uploads\/2023\/08\/IMG_6889-1024x768.jpg 360w\" sizes=\"auto, (max-width: 480px) 150px\" src=\"https:\/\/luxuryvillaalvor.com\/wp-content\/uploads\/2023\/08\/IMG_6889-1024x768.jpg\" alt=\"\" class=\"uag-image-875\" width=\"1024\" height=\"768\" title=\"\" loading=\"lazy\" role=\"img\"><\/figure><\/div>\n<\/div>\n<\/div>\n\n\n\n<div class=\"wp-block-uagb-advanced-heading uagb-block-05788e44\"><h2 class=\"uagb-heading-text\">Dormitorios<\/h2><\/div>\n\n\n\n<div class=\"wp-block-uagb-container uagb-block-e0d42165\">\n<div class=\"wp-block-uagb-container uagb-block-67888890\">\n<figure class=\"wp-block-image size-full\"><img loading=\"lazy\" decoding=\"async\" width=\"1024\" height=\"768\" src=\"https:\/\/luxuryvillaalvor.com\/wp-content\/uploads\/2025\/06\/bedroom-1-main-image.jpg\" alt=\"\" class=\"wp-image-1812\" srcset=\"https:\/\/luxuryvillaalvor.com\/wp-content\/uploads\/2025\/06\/bedroom-1-main-image.jpg 1024w, https:\/\/luxuryvillaalvor.com\/wp-content\/uploads\/2025\/06\/bedroom-1-main-image-300x225.jpg 300w, https:\/\/luxuryvillaalvor.com\/wp-content\/uploads\/2025\/06\/bedroom-1-main-image-768x576.jpg 768w\" sizes=\"auto, (max-width: 1024px) 100vw, 1024px\" \/><\/figure>\n<\/div>\n\n\n\n<div class=\"wp-block-uagb-container uagb-block-84d45d13\">\n<div class=\"wp-block-uagb-container uagb-block-a7590ca5\">\n<div class=\"wp-block-uagb-advanced-heading uagb-block-fff026eb\"><h2 class=\"uagb-heading-text\">Dormitorio 1<\/h2><p class=\"uagb-desc-text\">Descubra el extraordinario dormitorio principal con una espaciosa cama tama\u00f1o king acompa\u00f1ada de un colch\u00f3n de primera calidad. El vestidor cuenta con elegantes mesas y amplios armarios. El amplio cuarto de ba\u00f1o cuenta con una ducha a ras de suelo y una lujosa ba\u00f1era, adem\u00e1s de un aseo privado. Acceda a la amplia terraza y disfrute de las vistas panor\u00e1micas del jard\u00edn, la piscina, el oc\u00e9ano y los meticulosos jardines.<\/p><\/div>\n<\/div>\n<\/div>\n<\/div>\n\n\n\n<div class=\"wp-block-uagb-container uagb-block-957ce391\">\n<section class=\"wp-block-uagb-columns uagb-columns__wrap uagb-columns__background-none uagb-columns__stack-mobile uagb-columns__valign- uagb-columns__gap-10 alignfull uagb-block-03bb9f78 uagb-columns__columns-4 uagb-columns__max_width-theme\"><div class=\"uagb-columns__overlay\"><\/div><div class=\"uagb-columns__inner-wrap uagb-columns__columns-4\">\n<div class=\"wp-block-uagb-column uagb-column__wrap uagb-column__background-undefined uagb-block-98fc8dad\"><div class=\"uagb-column__overlay\"><\/div>\n<figure class=\"wp-block-image size-large\"><img loading=\"lazy\" decoding=\"async\" width=\"1024\" height=\"768\" src=\"https:\/\/luxuryvillaalvor.com\/wp-content\/uploads\/2023\/08\/Bedroom-5-Dressing-Room-2-1024x768.jpg\" alt=\"\" class=\"wp-image-1541\" srcset=\"https:\/\/luxuryvillaalvor.com\/wp-content\/uploads\/2023\/08\/Bedroom-5-Dressing-Room-2-1024x768.jpg 1024w, https:\/\/luxuryvillaalvor.com\/wp-content\/uploads\/2023\/08\/Bedroom-5-Dressing-Room-2-300x225.jpg 300w, https:\/\/luxuryvillaalvor.com\/wp-content\/uploads\/2023\/08\/Bedroom-5-Dressing-Room-2-768x576.jpg 768w, https:\/\/luxuryvillaalvor.com\/wp-content\/uploads\/2023\/08\/Bedroom-5-Dressing-Room-2-1536x1152.jpg 1536w, https:\/\/luxuryvillaalvor.com\/wp-content\/uploads\/2023\/08\/Bedroom-5-Dressing-Room-2-2048x1536.jpg 2048w\" sizes=\"auto, (max-width: 1024px) 100vw, 1024px\" \/><\/figure>\n<\/div>\n\n\n\n<div class=\"wp-block-uagb-column uagb-column__wrap uagb-column__background-undefined uagb-block-dc15753d\"><div class=\"uagb-column__overlay\"><\/div>\n<div class=\"wp-block-uagb-image uagb-block-ed2182fc wp-block-uagb-image--layout-default wp-block-uagb-image--effect-static wp-block-uagb-image--align-none\"><figure class=\"wp-block-uagb-image__figure\"><img decoding=\"async\" srcset=\"https:\/\/luxuryvillaalvor.com\/wp-content\/uploads\/2023\/08\/Bedroom-5-Bathroom-1-1024x768.jpg\n \" sizes=\"auto, (max-width: 480px) 150px\" src=\"https:\/\/luxuryvillaalvor.com\/wp-content\/uploads\/2023\/08\/Bedroom-5-Bathroom-1-1024x768.jpg\" alt=\"\" class=\"uag-image-1529\" width=\"1024\" height=\"768\" title=\"\" loading=\"lazy\" role=\"img\"><\/figure><\/div>\n<\/div>\n\n\n\n<div class=\"wp-block-uagb-column uagb-column__wrap uagb-column__background-undefined uagb-block-09a956c6\"><div class=\"uagb-column__overlay\"><\/div>\n<div class=\"wp-block-uagb-image uagb-block-109443f3 wp-block-uagb-image--layout-default wp-block-uagb-image--effect-static wp-block-uagb-image--align-none\"><figure class=\"wp-block-uagb-image__figure\"><img decoding=\"async\" srcset=\"https:\/\/luxuryvillaalvor.com\/wp-content\/uploads\/2025\/06\/bedroom-1-terrace-1.jpg ,https:\/\/luxuryvillaalvor.com\/wp-content\/uploads\/2025\/06\/bedroom-1-terrace-1.jpg 780w, https:\/\/luxuryvillaalvor.com\/wp-content\/uploads\/2025\/06\/bedroom-1-terrace-1.jpg 360w\" sizes=\"auto, (max-width: 480px) 150px\" src=\"https:\/\/luxuryvillaalvor.com\/wp-content\/uploads\/2025\/06\/bedroom-1-terrace-1.jpg\" alt=\"\" class=\"uag-image-1831\" width=\"1024\" height=\"768\" title=\"dormitorio-1-terraza-1\" loading=\"lazy\" role=\"img\"><\/figure><\/div>\n<\/div>\n\n\n\n<div class=\"wp-block-uagb-column uagb-column__wrap uagb-column__background-undefined uagb-block-d6d7d581\"><div class=\"uagb-column__overlay\"><\/div>\n<div class=\"wp-block-uagb-image uagb-block-233eaa4e wp-block-uagb-image--layout-default wp-block-uagb-image--effect-static wp-block-uagb-image--align-none\"><figure class=\"wp-block-uagb-image__figure\"><img decoding=\"async\" srcset=\"https:\/\/luxuryvillaalvor.com\/wp-content\/uploads\/2025\/06\/bedroom-1-terrace-2.jpg ,https:\/\/luxuryvillaalvor.com\/wp-content\/uploads\/2025\/06\/bedroom-1-terrace-2.jpg 780w, https:\/\/luxuryvillaalvor.com\/wp-content\/uploads\/2025\/06\/bedroom-1-terrace-2.jpg 360w\" sizes=\"auto, (max-width: 480px) 150px\" src=\"https:\/\/luxuryvillaalvor.com\/wp-content\/uploads\/2025\/06\/bedroom-1-terrace-2.jpg\" alt=\"\" class=\"uag-image-1837\" width=\"1024\" height=\"768\" title=\"dormitorio-1-terraza-2\" loading=\"lazy\" role=\"img\"><\/figure><\/div>\n<\/div>\n<\/div><\/section>\n<\/div>\n\n\n\n<div class=\"wp-block-uagb-container uagb-block-2096e89b\">\n<div class=\"wp-block-uagb-image uagb-block-72bdbe76 wp-block-uagb-image--layout-default wp-block-uagb-image--effect-static wp-block-uagb-image--align-none uag-hide-desktop\"><figure class=\"wp-block-uagb-image__figure\"><img decoding=\"async\" srcset=\"https:\/\/luxuryvillaalvor.com\/wp-content\/uploads\/2023\/08\/Bedroom-4-1024x768.jpg , https:\/\/luxuryvillaalvor.com\/wp-content\/uploads\/2023\/08\/Bedroom-4-1024x768.jpg 360w\" sizes=\"auto, (max-width: 480px) 150px\" src=\"https:\/\/luxuryvillaalvor.com\/wp-content\/uploads\/2023\/08\/Bedroom-4-1024x768.jpg\" alt=\"\" class=\"uag-image-1435\" width=\"1024\" height=\"768\" title=\"\" loading=\"lazy\" role=\"img\"><\/figure><\/div>\n\n\n\n<div class=\"wp-block-uagb-container uagb-block-55a00b74\">\n<div class=\"wp-block-uagb-container uagb-block-a334bb5e\">\n<div class=\"wp-block-uagb-advanced-heading uagb-block-efc3a90b\"><h2 class=\"uagb-heading-text\">Dormitorio 2<\/h2><p class=\"uagb-desc-text\">Un lujoso dormitorio con cama extragrande, tocador y cuarto de ba\u00f1o privado con ducha y aseo. Garantizar su privacidad y comodidad es primordial en este refugio \u00edntimo dise\u00f1ado para proporcionar un espacio sereno y personal para su relajaci\u00f3n y rejuvenecimiento.<\/p><\/div>\n<\/div>\n<\/div>\n\n\n\n<div class=\"wp-block-uagb-container uag-hide-mob uagb-block-f1ffbab4\">\n<div class=\"wp-block-uagb-image uagb-block-b7e41d2e wp-block-uagb-image--layout-default wp-block-uagb-image--effect-static wp-block-uagb-image--align-none\"><figure class=\"wp-block-uagb-image__figure\"><img decoding=\"async\" srcset=\"https:\/\/luxuryvillaalvor.com\/wp-content\/uploads\/2023\/08\/Bedroom-4-1024x768.jpg , https:\/\/luxuryvillaalvor.com\/wp-content\/uploads\/2023\/08\/Bedroom-4-1024x768.jpg 360w\" sizes=\"auto, (max-width: 480px) 150px\" src=\"https:\/\/luxuryvillaalvor.com\/wp-content\/uploads\/2023\/08\/Bedroom-4-1024x768.jpg\" alt=\"\" class=\"uag-image-1435\" width=\"1024\" height=\"768\" title=\"\" loading=\"lazy\" role=\"img\"><\/figure><\/div>\n<\/div>\n<\/div>\n\n\n\n<div class=\"wp-block-uagb-container uagb-block-77580bff\">\n<section class=\"wp-block-uagb-columns uagb-columns__wrap uagb-columns__background-none uagb-columns__stack-mobile uagb-columns__valign- uagb-columns__gap-10 alignfull uagb-block-40604e74 uagb-columns__columns-4 uagb-columns__max_width-theme\"><div class=\"uagb-columns__overlay\"><\/div><div class=\"uagb-columns__inner-wrap uagb-columns__columns-4\">\n<div class=\"wp-block-uagb-column uagb-column__wrap uagb-column__background-undefined uagb-block-9abacc41\"><div class=\"uagb-column__overlay\"><\/div>\n<div class=\"wp-block-uagb-image uagb-block-9ca2453f wp-block-uagb-image--layout-default wp-block-uagb-image--effect-static wp-block-uagb-image--align-none\"><figure class=\"wp-block-uagb-image__figure\"><img decoding=\"async\" srcset=\"https:\/\/luxuryvillaalvor.com\/wp-content\/uploads\/2025\/06\/bedroom-2-ensuite.jpg ,https:\/\/luxuryvillaalvor.com\/wp-content\/uploads\/2025\/06\/bedroom-2-ensuite.jpg 780w, https:\/\/luxuryvillaalvor.com\/wp-content\/uploads\/2025\/06\/bedroom-2-ensuite.jpg 360w\" sizes=\"auto, (max-width: 480px) 150px\" src=\"https:\/\/luxuryvillaalvor.com\/wp-content\/uploads\/2025\/06\/bedroom-2-ensuite.jpg\" alt=\"\" class=\"uag-image-1818\" width=\"1024\" height=\"768\" title=\"dormitorio-2-ensuite\" loading=\"lazy\" role=\"img\"><\/figure><\/div>\n<\/div>\n\n\n\n<div class=\"wp-block-uagb-column uagb-column__wrap uagb-column__background-undefined uagb-block-ee8e39c9\"><div class=\"uagb-column__overlay\"><\/div><\/div>\n\n\n\n<div class=\"wp-block-uagb-column uagb-column__wrap uagb-column__background-undefined uagb-block-195717d2\"><div class=\"uagb-column__overlay\"><\/div><\/div>\n\n\n\n<div class=\"wp-block-uagb-column uagb-column__wrap uagb-column__background-undefined uagb-block-3d29669e\"><div class=\"uagb-column__overlay\"><\/div><\/div>\n<\/div><\/section>\n<\/div>\n\n\n\n<div class=\"wp-block-uagb-container uagb-block-30aeb96a\">\n<div class=\"wp-block-uagb-container uagb-block-9ce677d9\">\n<div class=\"wp-block-uagb-image uagb-block-dba738ce wp-block-uagb-image--layout-default wp-block-uagb-image--effect-static wp-block-uagb-image--align-none\"><figure class=\"wp-block-uagb-image__figure\"><img decoding=\"async\" srcset=\"https:\/\/luxuryvillaalvor.com\/wp-content\/uploads\/2023\/08\/Bedroom-3-1024x768.jpg\n \" sizes=\"auto, (max-width: 480px) 150px\" src=\"https:\/\/luxuryvillaalvor.com\/wp-content\/uploads\/2023\/08\/Bedroom-3-1024x768.jpg\" alt=\"\" class=\"uag-image-1428\" width=\"1024\" height=\"768\" title=\"\" loading=\"lazy\" role=\"img\"><\/figure><\/div>\n<\/div>\n\n\n\n<div class=\"wp-block-uagb-container uagb-block-4d682da6\">\n<div class=\"wp-block-uagb-container uagb-block-5ebf47a5\">\n<div class=\"wp-block-uagb-advanced-heading uagb-block-278a7e36\"><h2 class=\"uagb-heading-text\">Dormitorio 3<\/h2><p class=\"uagb-desc-text\">Experimente el lujo en este gran dormitorio, con vestidor y una lujosa cama tama\u00f1o king. Al lado, encontrar\u00e1 un c\u00f3modo aseo con una moderna ducha a ras de suelo. Esta disposici\u00f3n cuidadosamente dise\u00f1ada combina comodidad y funcionalidad para ofrecerle un espacio vital realmente sofisticado y c\u00f3modo.<\/p><\/div>\n<\/div>\n<\/div>\n<\/div>\n\n\n\n<div class=\"wp-block-uagb-container uagb-block-8e8ecbc1\">\n<div class=\"wp-block-uagb-image uagb-block-97b3e718 wp-block-uagb-image--layout-default wp-block-uagb-image--effect-static wp-block-uagb-image--align-none uag-hide-desktop\"><figure class=\"wp-block-uagb-image__figure\"><img decoding=\"async\" srcset=\"https:\/\/luxuryvillaalvor.com\/wp-content\/uploads\/2023\/08\/Bedroom-2-1024x768.jpg , https:\/\/luxuryvillaalvor.com\/wp-content\/uploads\/2023\/08\/Bedroom-2-1024x768.jpg 360w\" sizes=\"auto, (max-width: 480px) 150px\" src=\"https:\/\/luxuryvillaalvor.com\/wp-content\/uploads\/2023\/08\/Bedroom-2-1024x768.jpg\" alt=\"\" class=\"uag-image-1422\" width=\"1024\" height=\"768\" title=\"\" loading=\"lazy\" role=\"img\"><\/figure><\/div>\n\n\n\n<div class=\"wp-block-uagb-container uagb-block-cbf1ab58\">\n<div class=\"wp-block-uagb-container uagb-block-15e0e847\">\n<div class=\"wp-block-uagb-advanced-heading uagb-block-b49b3b43\"><h2 class=\"uagb-heading-text\">Dormitorio 4<\/h2><p class=\"uagb-desc-text\">Bienvenido al amplio dormitorio con dos c\u00f3modas camas individuales. Al lado hay un aseo privado, que garantiza la comodidad y la intimidad. Esta instalaci\u00f3n bien dise\u00f1ada ofrece tanto comodidad como practicidad, lo que la convierte en un espacio perfecto para relajarse y desconectar.<\/p><\/div>\n<\/div>\n<\/div>\n\n\n\n<div class=\"wp-block-uagb-container uag-hide-mob uagb-block-5856c688\">\n<div class=\"wp-block-uagb-image uagb-block-55a94287 wp-block-uagb-image--layout-default wp-block-uagb-image--effect-static wp-block-uagb-image--align-none\"><figure class=\"wp-block-uagb-image__figure\"><img decoding=\"async\" srcset=\"https:\/\/luxuryvillaalvor.com\/wp-content\/uploads\/2023\/08\/Bedroom-2-1024x768.jpg , https:\/\/luxuryvillaalvor.com\/wp-content\/uploads\/2023\/08\/Bedroom-2-1024x768.jpg 360w\" sizes=\"auto, (max-width: 480px) 150px\" src=\"https:\/\/luxuryvillaalvor.com\/wp-content\/uploads\/2023\/08\/Bedroom-2-1024x768.jpg\" alt=\"\" class=\"uag-image-1422\" width=\"1024\" height=\"768\" title=\"\" loading=\"lazy\" role=\"img\"><\/figure><\/div>\n<\/div>\n<\/div>\n\n\n\n<div class=\"wp-block-uagb-container uagb-block-b9d0728f\">\n<div class=\"wp-block-uagb-container uagb-block-21a05595\">\n<div class=\"wp-block-uagb-image uagb-block-892640fd wp-block-uagb-image--layout-default wp-block-uagb-image--effect-static wp-block-uagb-image--align-none\"><figure class=\"wp-block-uagb-image__figure\"><img decoding=\"async\" srcset=\"https:\/\/luxuryvillaalvor.com\/wp-content\/uploads\/2023\/08\/Bedroom-1-1024x768.jpg\n \" sizes=\"auto, (max-width: 480px) 150px\" src=\"https:\/\/luxuryvillaalvor.com\/wp-content\/uploads\/2023\/08\/Bedroom-1-1024x768.jpg\" alt=\"\" class=\"uag-image-1416\" width=\"1024\" height=\"768\" title=\"\" loading=\"lazy\" role=\"img\"><\/figure><\/div>\n<\/div>\n\n\n\n<div class=\"wp-block-uagb-container uagb-block-4a894023\">\n<div class=\"wp-block-uagb-container uagb-block-bde0cc05\">\n<div class=\"wp-block-uagb-advanced-heading uagb-block-dc46b161\"><h2 class=\"uagb-heading-text\">Dormitorio 5<\/h2><p class=\"uagb-desc-text\">Presentamos el segundo dormitorio espacioso, cuidadosamente amueblado con dos c\u00f3modas camas individuales. Un aseo independiente contiguo proporciona mayor comodidad e intimidad. Esta disposici\u00f3n ofrece un equilibrio armonioso de comodidad y funcionalidad, creando un espacio ideal para el descanso y la relajaci\u00f3n.<\/p><\/div>\n<\/div>\n<\/div>\n<\/div>\n\n\n\n<div class=\"wp-block-uagb-container uagb-block-017d1b75\">\n<div class=\"wp-block-uagb-container uagb-block-4b1a4242\">\n<figure class=\"wp-block-image size-large\"><img loading=\"lazy\" decoding=\"async\" width=\"1024\" height=\"768\" src=\"https:\/\/luxuryvillaalvor.com\/wp-content\/uploads\/2025\/01\/IMG_5564-1024x768.jpg\" alt=\"\" class=\"wp-image-1743\" srcset=\"https:\/\/luxuryvillaalvor.com\/wp-content\/uploads\/2025\/01\/IMG_5564-1024x768.jpg 1024w, https:\/\/luxuryvillaalvor.com\/wp-content\/uploads\/2025\/01\/IMG_5564-300x225.jpg 300w, https:\/\/luxuryvillaalvor.com\/wp-content\/uploads\/2025\/01\/IMG_5564-768x576.jpg 768w, https:\/\/luxuryvillaalvor.com\/wp-content\/uploads\/2025\/01\/IMG_5564-1536x1152.jpg 1536w, https:\/\/luxuryvillaalvor.com\/wp-content\/uploads\/2025\/01\/IMG_5564-2048x1536.jpg 2048w\" sizes=\"auto, (max-width: 1024px) 100vw, 1024px\" \/><\/figure>\n<\/div>\n\n\n\n<div class=\"wp-block-uagb-container uagb-block-b4b190d3\">\n<div class=\"wp-block-uagb-container uagb-block-ab647bc7\">\n<div class=\"wp-block-uagb-advanced-heading uagb-block-cb3bbf28\"><h2 class=\"uagb-heading-text\">Dormitorio 6<\/h2><p class=\"uagb-desc-text\"><br>El sexto dormitorio est\u00e1 situado en la segunda planta y cuenta con una lujosa cama de matrimonio, que ofrece espacio y comodidad. Est\u00e1 situado junto a un elegante cuarto de ducha equipado con accesorios de alta calidad. La habitaci\u00f3n est\u00e1 cuidadosamente dise\u00f1ada con amplios armarios e incluye aire acondicionado, lo que garantiza una estancia fresca y relajante.  <\/p><\/div>\n<\/div>\n<\/div>\n<\/div>\n\n\n\n<div class=\"wp-block-uagb-container uagb-block-eb6eb293\">\n<div class=\"wp-block-uagb-container uagb-block-57cb489e\">\n<figure class=\"wp-block-image size-large\"><img loading=\"lazy\" decoding=\"async\" width=\"1024\" height=\"768\" src=\"https:\/\/luxuryvillaalvor.com\/wp-content\/uploads\/2025\/01\/IMG_5571-1024x768.jpg\" alt=\"\" class=\"wp-image-1707\" srcset=\"https:\/\/luxuryvillaalvor.com\/wp-content\/uploads\/2025\/01\/IMG_5571-1024x768.jpg 1024w, https:\/\/luxuryvillaalvor.com\/wp-content\/uploads\/2025\/01\/IMG_5571-300x225.jpg 300w, https:\/\/luxuryvillaalvor.com\/wp-content\/uploads\/2025\/01\/IMG_5571-768x576.jpg 768w, https:\/\/luxuryvillaalvor.com\/wp-content\/uploads\/2025\/01\/IMG_5571-1536x1152.jpg 1536w, https:\/\/luxuryvillaalvor.com\/wp-content\/uploads\/2025\/01\/IMG_5571-2048x1536.jpg 2048w\" sizes=\"auto, (max-width: 1024px) 100vw, 1024px\" \/><\/figure>\n<\/div>\n\n\n\n<div class=\"wp-block-uagb-container uagb-block-c0c5aa5c\">\n<div class=\"wp-block-uagb-container uagb-block-ede6010d\">\n<div class=\"wp-block-uagb-advanced-heading uagb-block-d6695ee0\"><h2 class=\"uagb-heading-text\">Dormitorio 7<\/h2><p class=\"uagb-desc-text\">El s\u00e9ptimo dormitorio, tambi\u00e9n en la segunda planta, cuenta con una c\u00f3moda cama de matrimonio, espacio generoso y aire acondicionado para una estancia reparadora. Comparte el acceso al cuarto de ducha contiguo, con accesorios y acabados de primera calidad. En el exterior, un sol\u00e1rium privado ofrece fant\u00e1sticas vistas panor\u00e1micas de la costa, perfecto para tomar el sol del Algarve.  <\/p><\/div>\n<\/div>\n<\/div>\n<\/div>\n\n\n\n<div class=\"wp-block-uagb-container uagb-block-984c3dbb\">\n<div class=\"wp-block-uagb-container uagb-block-6a247309\">\n<figure class=\"wp-block-image size-large\"><img loading=\"lazy\" decoding=\"async\" width=\"1024\" height=\"768\" src=\"https:\/\/luxuryvillaalvor.com\/wp-content\/uploads\/2025\/01\/IMG_5569-1024x768.jpg\" alt=\"\" class=\"wp-image-1749\" srcset=\"https:\/\/luxuryvillaalvor.com\/wp-content\/uploads\/2025\/01\/IMG_5569-1024x768.jpg 1024w, https:\/\/luxuryvillaalvor.com\/wp-content\/uploads\/2025\/01\/IMG_5569-300x225.jpg 300w, https:\/\/luxuryvillaalvor.com\/wp-content\/uploads\/2025\/01\/IMG_5569-768x576.jpg 768w, https:\/\/luxuryvillaalvor.com\/wp-content\/uploads\/2025\/01\/IMG_5569-1536x1152.jpg 1536w, https:\/\/luxuryvillaalvor.com\/wp-content\/uploads\/2025\/01\/IMG_5569-2048x1536.jpg 2048w\" sizes=\"auto, (max-width: 1024px) 100vw, 1024px\" \/><\/figure>\n<\/div>\n\n\n\n<div class=\"wp-block-uagb-container uagb-block-e5720826\">\n<div class=\"wp-block-uagb-container uagb-block-d3141ea2\">\n<div class=\"wp-block-uagb-advanced-heading uagb-block-054f6962\"><h2 class=\"uagb-heading-text\">Ba\u00f1o 2\u00aa planta<\/h2><p class=\"uagb-desc-text\">El cuarto de ducha del segundo piso presenta un dise\u00f1o espacioso y moderno con una lujosa ducha de doble cabezal, incluido un relajante cabezal de ducha de lluvia para una experiencia similar a la de un spa. Con acabados contempor\u00e1neos y mucho espacio para moverse, aporta comodidad y estilo. Convenientemente situado entre los dormitorios 6\u00ba y 7\u00ba, crea una sensaci\u00f3n de independencia, ofreciendo privacidad respecto al resto de la casa.  <\/p><\/div>\n<\/div>\n<\/div>\n<\/div>\n<\/div>\n\n\n\n<div class=\"wp-block-uagb-container uagb-block-4a89696c alignfull uagb-is-root-container\"><div class=\"uagb-container-inner-blocks-wrap\">\n<div class=\"wp-block-uagb-advanced-heading uagb-block-a0011f6c\"><h2 class=\"uagb-heading-text\">Solicitar informaci\u00f3n<\/h2><p class=\"uagb-desc-text\">Correo electr\u00f3nico:&nbsp;<a href=\"mailto:info@luxuryvillaalvor.com\">info@luxuryvillaalvor.com<\/a><br>Tel\u00e9fono: +44 (0)7970 491 318<\/p><\/div>\n\n\n\n<script type=\"text\/javascript\" class=\"\" src=\"https:\/\/app.lodgify.com\/portable-search-bar\/stable\/renderPortableSearchBar.js\"><\/script>\n<div><div id=\"lodgify-search-bar\" data-website-id=\"451147\" data-language-code=\"en\" data-checkout-page-url=\"https:\/\/checkout.lodgify.com\/luxuryvillaalvor\/en\/#\/495200\" data-dates-check-in-label=\"Arrival\" data-dates-check-out-label=\"Departure\" data-guests-counter-label=\"Guest\" data-guests-input-singular-label=\"{&lt;wpml_curved wpml_value='NumberOfGuests'&gt;&lt;\/wpml_curved&gt;} guest\" data-guests-input-plural-label=\"{&lt;wpml_curved wpml_value='NumberOfGuests'&gt;&lt;\/wpml_curved&gt;} guests\" data-location-input-label=\"Location\" data-search-button-label=\"Search\" data-new-tab=\"true\">\n  <\/div>\n  <style type=\"text\/css\">\n  html {\n    --lodgify-ui-action-color: #fac600;\n    --lodgify-ui-action-darker-color: #c89e00;\n    --lodgify-ui-action-lighter-color: #fde899;\n    --lodgify-ui-action-contrast-color: #000000;\n  }\n  <\/style>\n  <\/div>\n<\/div><\/div>\n","protected":false},"excerpt":{"rendered":"<p>Habitaciones Instalaciones Sal\u00f3n Perfectamente integrado en una distribuci\u00f3n di\u00e1fana, el sal\u00f3n conecta armoniosamente con el comedor y la cocina. Cuenta con un importante televisor de 85 pulgadas y acceso a Internet de alta velocidad. La presencia de sof\u00e1s de felpa y amplios asientos fomenta un ambiente sereno y cordial, convirtiendo toda la planta baja en [&hellip;]<\/p>\n","protected":false},"author":3,"featured_media":0,"parent":0,"menu_order":0,"comment_status":"closed","ping_status":"closed","template":"","meta":{"_uag_custom_page_level_css":"","site-sidebar-layout":"no-sidebar","site-content-layout":"page-builder","ast-site-content-layout":"full-width-container","site-content-style":"unboxed","site-sidebar-style":"unboxed","ast-global-header-display":"","ast-banner-title-visibility":"","ast-main-header-display":"","ast-hfb-above-header-display":"","ast-hfb-below-header-display":"","ast-hfb-mobile-header-display":"","site-post-title":"disabled","ast-breadcrumbs-content":"","ast-featured-img":"disabled","footer-sml-layout":"","ast-disable-related-posts":"","theme-transparent-header-meta":"","adv-header-id-meta":"","stick-header-meta":"","header-above-stick-meta":"","header-main-stick-meta":"","header-below-stick-meta":"","astra-migrate-meta-layouts":"default","ast-page-background-enabled":"default","ast-page-background-meta":{"desktop":{"background-color":"var(--ast-global-color-4)","background-image":"","background-repeat":"repeat","background-position":"center center","background-size":"auto","background-attachment":"scroll","background-type":"","background-media":"","overlay-type":"","overlay-color":"","overlay-opacity":"","overlay-gradient":""},"tablet":{"background-color":"","background-image":"","background-repeat":"repeat","background-position":"center center","background-size":"auto","background-attachment":"scroll","background-type":"","background-media":"","overlay-type":"","overlay-color":"","overlay-opacity":"","overlay-gradient":""},"mobile":{"background-color":"","background-image":"","background-repeat":"repeat","background-position":"center center","background-size":"auto","background-attachment":"scroll","background-type":"","background-media":"","overlay-type":"","overlay-color":"","overlay-opacity":"","overlay-gradient":""}},"ast-content-background-meta":{"desktop":{"background-color":"var(--ast-global-color-5)","background-image":"","background-repeat":"repeat","background-position":"center center","background-size":"auto","background-attachment":"scroll","background-type":"","background-media":"","overlay-type":"","overlay-color":"","overlay-opacity":"","overlay-gradient":""},"tablet":{"background-color":"var(--ast-global-color-5)","background-image":"","background-repeat":"repeat","background-position":"center center","background-size":"auto","background-attachment":"scroll","background-type":"","background-media":"","overlay-type":"","overlay-color":"","overlay-opacity":"","overlay-gradient":""},"mobile":{"background-color":"var(--ast-global-color-5)","background-image":"","background-repeat":"repeat","background-position":"center center","background-size":"auto","background-attachment":"scroll","background-type":"","background-media":"","overlay-type":"","overlay-color":"","overlay-opacity":"","overlay-gradient":""}},"footnotes":""},"class_list":["post-1277","page","type-page","status-publish","hentry"],"uagb_featured_image_src":{"full":false,"thumbnail":false,"medium":false,"medium_large":false,"large":false,"1536x1536":false,"2048x2048":false},"uagb_author_info":{"display_name":"Steve","author_link":"https:\/\/luxuryvillaalvor.com\/es\/author\/steve\/"},"uagb_comment_info":0,"uagb_excerpt":"Habitaciones Instalaciones Sal\u00f3n Perfectamente integrado en una distribuci\u00f3n di\u00e1fana, el sal\u00f3n conecta armoniosamente con el comedor y la cocina. Cuenta con un importante televisor de 85 pulgadas y acceso a Internet de alta velocidad. La presencia de sof\u00e1s de felpa y amplios asientos fomenta un ambiente sereno y cordial, convirtiendo toda la planta baja en&hellip;","_links":{"self":[{"href":"https:\/\/luxuryvillaalvor.com\/es\/wp-json\/wp\/v2\/pages\/1277","targetHints":{"allow":["GET"]}}],"collection":[{"href":"https:\/\/luxuryvillaalvor.com\/es\/wp-json\/wp\/v2\/pages"}],"about":[{"href":"https:\/\/luxuryvillaalvor.com\/es\/wp-json\/wp\/v2\/types\/page"}],"author":[{"embeddable":true,"href":"https:\/\/luxuryvillaalvor.com\/es\/wp-json\/wp\/v2\/users\/3"}],"replies":[{"embeddable":true,"href":"https:\/\/luxuryvillaalvor.com\/es\/wp-json\/wp\/v2\/comments?post=1277"}],"version-history":[{"count":22,"href":"https:\/\/luxuryvillaalvor.com\/es\/wp-json\/wp\/v2\/pages\/1277\/revisions"}],"predecessor-version":[{"id":1878,"href":"https:\/\/luxuryvillaalvor.com\/es\/wp-json\/wp\/v2\/pages\/1277\/revisions\/1878"}],"wp:attachment":[{"href":"https:\/\/luxuryvillaalvor.com\/es\/wp-json\/wp\/v2\/media?parent=1277"}],"curies":[{"name":"wp","href":"https:\/\/api.w.org\/{rel}","templated":true}]}}